{"id":143,"date":"2024-07-19T10:30:48","date_gmt":"2024-07-19T10:30:48","guid":{"rendered":"https:\/\/lejuraacheval.ch\/?page_id=143"},"modified":"2025-04-09T06:01:06","modified_gmt":"2025-04-09T06:01:06","slug":"unterkunft","status":"publish","type":"page","link":"https:\/\/lejuraacheval.ch\/fr_ch\/unterkunft\/","title":{"rendered":"Unterkunft"},"content":{"rendered":"<p>Auf unserem <a href=\"https:\/\/lejuraacheval.ch\/fr_ch\/\">Hof<\/a> in <a href=\"https:\/\/saint-brais.ch\/\">Saint-Brais<\/a> bieten wir neben unseren <a href=\"https:\/\/lejuraacheval.ch\/fr_ch\/angebot-und-preise\/\">Pferde-Erlebnissen<\/a> auch eine Unterkunft an. Bei uns k\u00f6nnen Sie entweder in einer sch\u00f6nen 2.5 Zimmer Ferienwohnung oder in einem Campingbus schlafen. Auch die M\u00f6glichkeit ein eigenes Zelt aufzubauen ist auf Anfrage m\u00f6glich.<\/p>\n\n\n\n<p>F\u00fcr all unsere Unterk\u00fcnfte bieten wir 2 Einstellpl\u00e4tze f\u00fcr Pferde (z.B. von Wanderreitenden) in unserem Offenstall. <\/p>\n\n\n\n<p>Die Unterkunft ist nicht an die Pferde-Erlebnisse gekoppelt. Gerne d\u00fcrfen Sie auch Ihre Ferien bei uns verbringen. Es ist ein wundersch\u00f6nes Wander- und Ausfluggebiet. Hunde sind ebenfalls willkommen.<\/p>\n\n\n\n<p>Sie haben auch die M\u00f6glichkeit die Wohnung l\u00e4nger zu mieten und bei Bedarf Ihr Pferd in Pension zu geben. Auf Anfrage.<\/p>\n\n\n\n<h3 class=\"wp-block-heading\">2.5 Zimmer Wohnung<\/h3>\n\n\n\n<div class=\"wp-block-columns is-layout-flex wp-container-core-columns-is-layout-9d6595d7 wp-block-columns-is-layout-flex\">\n<div class=\"wp-block-column is-layout-flow wp-block-column-is-layout-flow\">\n<p>Ausstattung:<br> &#8211; eigenes Bad mit Dusche<br> &#8211; K\u00fcche mit K\u00fchlschrank<br> &#8211; Glaskeramikkochfeld<br> &#8211; getrenntes Schlafzimmer<br> &#8211; grosses Wohn-Esszimmer<br> &#8211; 2 Personen Schlafsofa im Wohnzimmer<br> &#8211; frisch renoviert im Juli 2024<br> &#8211; Bettw\u00e4sche inklusive<\/p>\n\n\n\n<p><\/p>\n<\/div>\n\n\n\n<div class=\"wp-block-column is-layout-flow wp-block-column-is-layout-flow\">\n<p>&#8211; Geeignet f\u00fcr 1-4 (mit Kindern sogar 5) Personen<br>&#8211; Kinder-\/ Familienfreundlich<br>&#8211; Mithilfe auf dem Hof und bei den Tieren m\u00f6glich<br><br>Lage: ruhig, sonnig<\/p>\n<\/div>\n<\/div>\n\n\n\n<figure class=\"wp-block-gallery has-nested-images columns-default is-cropped wp-block-gallery-1 is-layout-flex wp-block-gallery-is-layout-flex\">\n<figure class=\"wp-block-image size-large\"><img loading=\"lazy\" decoding=\"async\" width=\"1024\" height=\"768\" data-id=\"162\" src=\"https:\/\/lejuraacheval.ch\/wp-content\/uploads\/2024\/07\/Eingang-1024x768.jpg\" alt=\"\" class=\"wp-image-162\" srcset=\"https:\/\/lejuraacheval.ch\/wp-content\/uploads\/2024\/07\/Eingang-1024x768.jpg 1024w, https:\/\/lejuraacheval.ch\/wp-content\/uploads\/2024\/07\/Eingang-300x225.jpg 300w, https:\/\/lejuraacheval.ch\/wp-content\/uploads\/2024\/07\/Eingang-768x576.jpg 768w, https:\/\/lejuraacheval.ch\/wp-content\/uploads\/2024\/07\/Eingang-1536x1152.jpg 1536w, https:\/\/lejuraacheval.ch\/wp-content\/uploads\/2024\/07\/Eingang-16x12.jpg 16w, https:\/\/lejuraacheval.ch\/wp-content\/uploads\/2024\/07\/Eingang.jpg 1600w\" sizes=\"auto, (max-width: 1024px) 100vw, 1024px\" \/><figcaption class=\"wp-element-caption\">Eingang<\/figcaption><\/figure>\n\n\n\n<figure class=\"wp-block-image size-large\"><img loading=\"lazy\" decoding=\"async\" width=\"1024\" height=\"768\" data-id=\"161\" src=\"https:\/\/lejuraacheval.ch\/wp-content\/uploads\/2024\/07\/Bad_2-1024x768.jpg\" alt=\"\" class=\"wp-image-161\" srcset=\"https:\/\/lejuraacheval.ch\/wp-content\/uploads\/2024\/07\/Bad_2-1024x768.jpg 1024w, https:\/\/lejuraacheval.ch\/wp-content\/uploads\/2024\/07\/Bad_2-300x225.jpg 300w, https:\/\/lejuraacheval.ch\/wp-content\/uploads\/2024\/07\/Bad_2-768x576.jpg 768w, https:\/\/lejuraacheval.ch\/wp-content\/uploads\/2024\/07\/Bad_2-1536x1152.jpg 1536w, https:\/\/lejuraacheval.ch\/wp-content\/uploads\/2024\/07\/Bad_2-16x12.jpg 16w, https:\/\/lejuraacheval.ch\/wp-content\/uploads\/2024\/07\/Bad_2.jpg 1600w\" sizes=\"auto, (max-width: 1024px) 100vw, 1024px\" \/><figcaption class=\"wp-element-caption\">Dusche<\/figcaption><\/figure>\n\n\n\n<figure class=\"wp-block-image size-large\"><img loading=\"lazy\" decoding=\"async\" width=\"1024\" height=\"768\" data-id=\"160\" src=\"https:\/\/lejuraacheval.ch\/wp-content\/uploads\/2024\/07\/Bad-1024x768.jpg\" alt=\"\" class=\"wp-image-160\" srcset=\"https:\/\/lejuraacheval.ch\/wp-content\/uploads\/2024\/07\/Bad-1024x768.jpg 1024w, https:\/\/lejuraacheval.ch\/wp-content\/uploads\/2024\/07\/Bad-300x225.jpg 300w, https:\/\/lejuraacheval.ch\/wp-content\/uploads\/2024\/07\/Bad-768x576.jpg 768w, https:\/\/lejuraacheval.ch\/wp-content\/uploads\/2024\/07\/Bad-1536x1152.jpg 1536w, https:\/\/lejuraacheval.ch\/wp-content\/uploads\/2024\/07\/Bad-16x12.jpg 16w, https:\/\/lejuraacheval.ch\/wp-content\/uploads\/2024\/07\/Bad.jpg 1600w\" sizes=\"auto, (max-width: 1024px) 100vw, 1024px\" \/><figcaption class=\"wp-element-caption\">Bad<\/figcaption><\/figure>\n\n\n\n<figure class=\"wp-block-image size-large\"><img loading=\"lazy\" decoding=\"async\" width=\"1024\" height=\"768\" data-id=\"159\" src=\"https:\/\/lejuraacheval.ch\/wp-content\/uploads\/2024\/07\/Wohnzimmer_2-1024x768.jpg\" alt=\"\" class=\"wp-image-159\" srcset=\"https:\/\/lejuraacheval.ch\/wp-content\/uploads\/2024\/07\/Wohnzimmer_2-1024x768.jpg 1024w, https:\/\/lejuraacheval.ch\/wp-content\/uploads\/2024\/07\/Wohnzimmer_2-300x225.jpg 300w, https:\/\/lejuraacheval.ch\/wp-content\/uploads\/2024\/07\/Wohnzimmer_2-768x576.jpg 768w, https:\/\/lejuraacheval.ch\/wp-content\/uploads\/2024\/07\/Wohnzimmer_2-1536x1152.jpg 1536w, https:\/\/lejuraacheval.ch\/wp-content\/uploads\/2024\/07\/Wohnzimmer_2-16x12.jpg 16w, https:\/\/lejuraacheval.ch\/wp-content\/uploads\/2024\/07\/Wohnzimmer_2.jpg 1600w\" sizes=\"auto, (max-width: 1024px) 100vw, 1024px\" \/><figcaption class=\"wp-element-caption\">Wohnen<\/figcaption><\/figure>\n\n\n\n<figure class=\"wp-block-image size-large\"><img loading=\"lazy\" decoding=\"async\" width=\"1024\" height=\"768\" data-id=\"158\" src=\"https:\/\/lejuraacheval.ch\/wp-content\/uploads\/2024\/07\/Wohnzimmer-1024x768.jpg\" alt=\"\" class=\"wp-image-158\" srcset=\"https:\/\/lejuraacheval.ch\/wp-content\/uploads\/2024\/07\/Wohnzimmer-1024x768.jpg 1024w, https:\/\/lejuraacheval.ch\/wp-content\/uploads\/2024\/07\/Wohnzimmer-300x225.jpg 300w, https:\/\/lejuraacheval.ch\/wp-content\/uploads\/2024\/07\/Wohnzimmer-768x576.jpg 768w, https:\/\/lejuraacheval.ch\/wp-content\/uploads\/2024\/07\/Wohnzimmer-1536x1152.jpg 1536w, https:\/\/lejuraacheval.ch\/wp-content\/uploads\/2024\/07\/Wohnzimmer-16x12.jpg 16w, https:\/\/lejuraacheval.ch\/wp-content\/uploads\/2024\/07\/Wohnzimmer.jpg 1600w\" sizes=\"auto, (max-width: 1024px) 100vw, 1024px\" \/><figcaption class=\"wp-element-caption\">Wohnen<\/figcaption><\/figure>\n\n\n\n<figure class=\"wp-block-image size-large\"><img loading=\"lazy\" decoding=\"async\" width=\"1024\" height=\"768\" data-id=\"157\" src=\"https:\/\/lejuraacheval.ch\/wp-content\/uploads\/2024\/07\/Wohnen-1024x768.jpg\" alt=\"\" class=\"wp-image-157\" srcset=\"https:\/\/lejuraacheval.ch\/wp-content\/uploads\/2024\/07\/Wohnen-1024x768.jpg 1024w, https:\/\/lejuraacheval.ch\/wp-content\/uploads\/2024\/07\/Wohnen-300x225.jpg 300w, https:\/\/lejuraacheval.ch\/wp-content\/uploads\/2024\/07\/Wohnen-768x576.jpg 768w, https:\/\/lejuraacheval.ch\/wp-content\/uploads\/2024\/07\/Wohnen-1536x1152.jpg 1536w, https:\/\/lejuraacheval.ch\/wp-content\/uploads\/2024\/07\/Wohnen-16x12.jpg 16w, https:\/\/lejuraacheval.ch\/wp-content\/uploads\/2024\/07\/Wohnen.jpg 1600w\" sizes=\"auto, (max-width: 1024px) 100vw, 1024px\" \/><figcaption class=\"wp-element-caption\">Essen<\/figcaption><\/figure>\n\n\n\n<figure class=\"wp-block-image size-large\"><img loading=\"lazy\" decoding=\"async\" width=\"1024\" height=\"768\" data-id=\"156\" src=\"https:\/\/lejuraacheval.ch\/wp-content\/uploads\/2024\/07\/Sitzplatz_mitnutzung-1-1024x768.jpg\" alt=\"\" class=\"wp-image-156\" srcset=\"https:\/\/lejuraacheval.ch\/wp-content\/uploads\/2024\/07\/Sitzplatz_mitnutzung-1-1024x768.jpg 1024w, https:\/\/lejuraacheval.ch\/wp-content\/uploads\/2024\/07\/Sitzplatz_mitnutzung-1-300x225.jpg 300w, https:\/\/lejuraacheval.ch\/wp-content\/uploads\/2024\/07\/Sitzplatz_mitnutzung-1-768x576.jpg 768w, https:\/\/lejuraacheval.ch\/wp-content\/uploads\/2024\/07\/Sitzplatz_mitnutzung-1-1536x1152.jpg 1536w, https:\/\/lejuraacheval.ch\/wp-content\/uploads\/2024\/07\/Sitzplatz_mitnutzung-1-16x12.jpg 16w, https:\/\/lejuraacheval.ch\/wp-content\/uploads\/2024\/07\/Sitzplatz_mitnutzung-1.jpg 1600w\" sizes=\"auto, (max-width: 1024px) 100vw, 1024px\" \/><figcaption class=\"wp-element-caption\">Sitzplatz Mitben\u00fctzung<\/figcaption><\/figure>\n\n\n\n<figure class=\"wp-block-image size-large\"><img loading=\"lazy\" decoding=\"async\" width=\"1024\" height=\"768\" data-id=\"155\" src=\"https:\/\/lejuraacheval.ch\/wp-content\/uploads\/2024\/07\/Sitzplatz-1024x768.jpg\" alt=\"\" class=\"wp-image-155\" srcset=\"https:\/\/lejuraacheval.ch\/wp-content\/uploads\/2024\/07\/Sitzplatz-1024x768.jpg 1024w, https:\/\/lejuraacheval.ch\/wp-content\/uploads\/2024\/07\/Sitzplatz-300x225.jpg 300w, https:\/\/lejuraacheval.ch\/wp-content\/uploads\/2024\/07\/Sitzplatz-768x576.jpg 768w, https:\/\/lejuraacheval.ch\/wp-content\/uploads\/2024\/07\/Sitzplatz-1536x1152.jpg 1536w, https:\/\/lejuraacheval.ch\/wp-content\/uploads\/2024\/07\/Sitzplatz-16x12.jpg 16w, https:\/\/lejuraacheval.ch\/wp-content\/uploads\/2024\/07\/Sitzplatz.jpg 1600w\" sizes=\"auto, (max-width: 1024px) 100vw, 1024px\" \/><figcaption class=\"wp-element-caption\">Sitzplatz<\/figcaption><\/figure>\n\n\n\n<figure class=\"wp-block-image size-large\"><img loading=\"lazy\" decoding=\"async\" width=\"1024\" height=\"768\" data-id=\"153\" src=\"https:\/\/lejuraacheval.ch\/wp-content\/uploads\/2024\/07\/Schlafzimmer_2-1024x768.jpg\" alt=\"\" class=\"wp-image-153\" srcset=\"https:\/\/lejuraacheval.ch\/wp-content\/uploads\/2024\/07\/Schlafzimmer_2-1024x768.jpg 1024w, https:\/\/lejuraacheval.ch\/wp-content\/uploads\/2024\/07\/Schlafzimmer_2-300x225.jpg 300w, https:\/\/lejuraacheval.ch\/wp-content\/uploads\/2024\/07\/Schlafzimmer_2-768x576.jpg 768w, https:\/\/lejuraacheval.ch\/wp-content\/uploads\/2024\/07\/Schlafzimmer_2-1536x1152.jpg 1536w, https:\/\/lejuraacheval.ch\/wp-content\/uploads\/2024\/07\/Schlafzimmer_2-16x12.jpg 16w, https:\/\/lejuraacheval.ch\/wp-content\/uploads\/2024\/07\/Schlafzimmer_2.jpg 1600w\" sizes=\"auto, (max-width: 1024px) 100vw, 1024px\" \/><figcaption class=\"wp-element-caption\">Schlafzimmer<\/figcaption><\/figure>\n\n\n\n<figure class=\"wp-block-image size-large\"><img loading=\"lazy\" decoding=\"async\" width=\"1024\" height=\"768\" data-id=\"152\" src=\"https:\/\/lejuraacheval.ch\/wp-content\/uploads\/2024\/07\/Schlafzimmer-1024x768.jpg\" alt=\"\" class=\"wp-image-152\" srcset=\"https:\/\/lejuraacheval.ch\/wp-content\/uploads\/2024\/07\/Schlafzimmer-1024x768.jpg 1024w, https:\/\/lejuraacheval.ch\/wp-content\/uploads\/2024\/07\/Schlafzimmer-300x225.jpg 300w, https:\/\/lejuraacheval.ch\/wp-content\/uploads\/2024\/07\/Schlafzimmer-768x576.jpg 768w, https:\/\/lejuraacheval.ch\/wp-content\/uploads\/2024\/07\/Schlafzimmer-1536x1152.jpg 1536w, https:\/\/lejuraacheval.ch\/wp-content\/uploads\/2024\/07\/Schlafzimmer-16x12.jpg 16w, https:\/\/lejuraacheval.ch\/wp-content\/uploads\/2024\/07\/Schlafzimmer.jpg 1600w\" sizes=\"auto, (max-width: 1024px) 100vw, 1024px\" \/><figcaption class=\"wp-element-caption\">Schlafzimmer<\/figcaption><\/figure>\n\n\n\n<figure class=\"wp-block-image size-large\"><img loading=\"lazy\" decoding=\"async\" width=\"1024\" height=\"768\" data-id=\"151\" src=\"https:\/\/lejuraacheval.ch\/wp-content\/uploads\/2024\/07\/Kueche-1024x768.jpg\" alt=\"\" class=\"wp-image-151\" srcset=\"https:\/\/lejuraacheval.ch\/wp-content\/uploads\/2024\/07\/Kueche-1024x768.jpg 1024w, https:\/\/lejuraacheval.ch\/wp-content\/uploads\/2024\/07\/Kueche-300x225.jpg 300w, https:\/\/lejuraacheval.ch\/wp-content\/uploads\/2024\/07\/Kueche-768x576.jpg 768w, https:\/\/lejuraacheval.ch\/wp-content\/uploads\/2024\/07\/Kueche-1536x1152.jpg 1536w, https:\/\/lejuraacheval.ch\/wp-content\/uploads\/2024\/07\/Kueche-16x12.jpg 16w, https:\/\/lejuraacheval.ch\/wp-content\/uploads\/2024\/07\/Kueche.jpg 1600w\" sizes=\"auto, (max-width: 1024px) 100vw, 1024px\" \/><figcaption class=\"wp-element-caption\">K\u00fcche<\/figcaption><\/figure>\n\n\n\n<figure class=\"wp-block-image size-large\"><img loading=\"lazy\" decoding=\"async\" width=\"768\" height=\"1024\" data-id=\"150\" src=\"https:\/\/lejuraacheval.ch\/wp-content\/uploads\/2024\/07\/Eingang_2-768x1024.jpg\" alt=\"\" class=\"wp-image-150\" srcset=\"https:\/\/lejuraacheval.ch\/wp-content\/uploads\/2024\/07\/Eingang_2-768x1024.jpg 768w, https:\/\/lejuraacheval.ch\/wp-content\/uploads\/2024\/07\/Eingang_2-225x300.jpg 225w, https:\/\/lejuraacheval.ch\/wp-content\/uploads\/2024\/07\/Eingang_2-1152x1536.jpg 1152w, https:\/\/lejuraacheval.ch\/wp-content\/uploads\/2024\/07\/Eingang_2-9x12.jpg 9w, https:\/\/lejuraacheval.ch\/wp-content\/uploads\/2024\/07\/Eingang_2.jpg 1200w\" sizes=\"auto, (max-width: 768px) 100vw, 768px\" \/><figcaption class=\"wp-element-caption\">Eingang<\/figcaption><\/figure>\n<\/figure>\n\n\n\n<p>Preis: <br>80.- Wohnung pro Nacht <br>560.- f\u00fcr 7 N\u00e4chte<br>20.- Reinigungspauschale f\u00fcr Zimmerreinigung und Bettw\u00e4sche pro Person<br><\/p>\n\n\n\n<p>Sowohl f\u00fcr Ausk\u00fcnfte \u00fcber die Verf\u00fcgbarkeit als auch f\u00fcr die Buchung stehen wir Ihnen gerne zur Verf\u00fcgung. <strong><a href=\"https:\/\/lejuraacheval.ch\/fr_ch\/kontakt\/\">Kontaktieren Sie uns hier<\/a>.<\/strong><\/p>\n\n\n\n<p><\/p>\n\n\n\n<h2 class=\"wp-block-heading\">Campingbus<\/h2>\n\n\n\n<div class=\"wp-block-columns is-layout-flex wp-container-core-columns-is-layout-9d6595d7 wp-block-columns-is-layout-flex\">\n<div class=\"wp-block-column is-layout-flow wp-block-column-is-layout-flow\">\n<p>Ausstattung:<br> &#8211; Kleiner Campingbus<br> &#8211; kleine K\u00fcche<br> &#8211; Stauraum<br>&#8211; Mitben\u00fctzung gemeinsames Bad<br>&#8211; Bettw\u00e4sche inklusive<\/p>\n<\/div>\n\n\n\n<div class=\"wp-block-column is-layout-flow wp-block-column-is-layout-flow\">\n<p>&#8211; 1-3 Personen (2 Erwachsene und 1 Kind m\u00f6glich)<br>&#8211; Direkt neben dem Pferdeauslauf<br>&#8211; Kinder-\/ Familienfreundlich<br>&#8211; Mithilfe auf dem Hof und bei den Tieren m\u00f6glich<br><br>Lage: ruhig, sonnig<\/p>\n<\/div>\n<\/div>\n\n\n\n<figure class=\"wp-block-gallery has-nested-images columns-default is-cropped wp-block-gallery-2 is-layout-flex wp-block-gallery-is-layout-flex\">\n<figure class=\"wp-block-image size-large\"><img loading=\"lazy\" decoding=\"async\" width=\"1024\" height=\"768\" data-id=\"149\" src=\"https:\/\/lejuraacheval.ch\/wp-content\/uploads\/2024\/07\/Bus-1024x768.jpg\" alt=\"\" class=\"wp-image-149\" srcset=\"https:\/\/lejuraacheval.ch\/wp-content\/uploads\/2024\/07\/Bus-1024x768.jpg 1024w, https:\/\/lejuraacheval.ch\/wp-content\/uploads\/2024\/07\/Bus-300x225.jpg 300w, https:\/\/lejuraacheval.ch\/wp-content\/uploads\/2024\/07\/Bus-768x576.jpg 768w, https:\/\/lejuraacheval.ch\/wp-content\/uploads\/2024\/07\/Bus-1536x1152.jpg 1536w, https:\/\/lejuraacheval.ch\/wp-content\/uploads\/2024\/07\/Bus-16x12.jpg 16w, https:\/\/lejuraacheval.ch\/wp-content\/uploads\/2024\/07\/Bus.jpg 1600w\" sizes=\"auto, (max-width: 1024px) 100vw, 1024px\" \/><\/figure>\n\n\n\n<figure class=\"wp-block-image size-large\"><img loading=\"lazy\" decoding=\"async\" width=\"1024\" height=\"768\" data-id=\"148\" src=\"https:\/\/lejuraacheval.ch\/wp-content\/uploads\/2024\/07\/Sitzplatz_mitnutzung-1024x768.jpg\" alt=\"\" class=\"wp-image-148\" srcset=\"https:\/\/lejuraacheval.ch\/wp-content\/uploads\/2024\/07\/Sitzplatz_mitnutzung-1024x768.jpg 1024w, https:\/\/lejuraacheval.ch\/wp-content\/uploads\/2024\/07\/Sitzplatz_mitnutzung-300x225.jpg 300w, https:\/\/lejuraacheval.ch\/wp-content\/uploads\/2024\/07\/Sitzplatz_mitnutzung-768x576.jpg 768w, https:\/\/lejuraacheval.ch\/wp-content\/uploads\/2024\/07\/Sitzplatz_mitnutzung-1536x1152.jpg 1536w, https:\/\/lejuraacheval.ch\/wp-content\/uploads\/2024\/07\/Sitzplatz_mitnutzung-16x12.jpg 16w, https:\/\/lejuraacheval.ch\/wp-content\/uploads\/2024\/07\/Sitzplatz_mitnutzung.jpg 1600w\" sizes=\"auto, (max-width: 1024px) 100vw, 1024px\" \/><figcaption class=\"wp-element-caption\">Sitzplatz Mitben\u00fctzung<\/figcaption><\/figure>\n\n\n\n<figure class=\"wp-block-image size-large\"><img loading=\"lazy\" decoding=\"async\" width=\"768\" height=\"1024\" data-id=\"147\" src=\"https:\/\/lejuraacheval.ch\/wp-content\/uploads\/2024\/07\/Bus_2-768x1024.jpg\" alt=\"\" class=\"wp-image-147\" srcset=\"https:\/\/lejuraacheval.ch\/wp-content\/uploads\/2024\/07\/Bus_2-768x1024.jpg 768w, https:\/\/lejuraacheval.ch\/wp-content\/uploads\/2024\/07\/Bus_2-225x300.jpg 225w, https:\/\/lejuraacheval.ch\/wp-content\/uploads\/2024\/07\/Bus_2-1152x1536.jpg 1152w, https:\/\/lejuraacheval.ch\/wp-content\/uploads\/2024\/07\/Bus_2-9x12.jpg 9w, https:\/\/lejuraacheval.ch\/wp-content\/uploads\/2024\/07\/Bus_2.jpg 1200w\" sizes=\"auto, (max-width: 768px) 100vw, 768px\" \/><\/figure>\n\n\n\n<figure class=\"wp-block-image size-large\"><img loading=\"lazy\" decoding=\"async\" width=\"768\" height=\"1024\" data-id=\"146\" src=\"https:\/\/lejuraacheval.ch\/wp-content\/uploads\/2024\/07\/Bus_1-768x1024.jpg\" alt=\"\" class=\"wp-image-146\" srcset=\"https:\/\/lejuraacheval.ch\/wp-content\/uploads\/2024\/07\/Bus_1-768x1024.jpg 768w, https:\/\/lejuraacheval.ch\/wp-content\/uploads\/2024\/07\/Bus_1-225x300.jpg 225w, https:\/\/lejuraacheval.ch\/wp-content\/uploads\/2024\/07\/Bus_1-1152x1536.jpg 1152w, https:\/\/lejuraacheval.ch\/wp-content\/uploads\/2024\/07\/Bus_1-9x12.jpg 9w, https:\/\/lejuraacheval.ch\/wp-content\/uploads\/2024\/07\/Bus_1.jpg 1200w\" sizes=\"auto, (max-width: 768px) 100vw, 768px\" \/><\/figure>\n\n\n\n<figure class=\"wp-block-image size-large\"><img loading=\"lazy\" decoding=\"async\" width=\"768\" height=\"1024\" data-id=\"145\" src=\"https:\/\/lejuraacheval.ch\/wp-content\/uploads\/2024\/07\/Platz-768x1024.jpg\" alt=\"\" class=\"wp-image-145\" srcset=\"https:\/\/lejuraacheval.ch\/wp-content\/uploads\/2024\/07\/Platz-768x1024.jpg 768w, https:\/\/lejuraacheval.ch\/wp-content\/uploads\/2024\/07\/Platz-225x300.jpg 225w, https:\/\/lejuraacheval.ch\/wp-content\/uploads\/2024\/07\/Platz-1152x1536.jpg 1152w, https:\/\/lejuraacheval.ch\/wp-content\/uploads\/2024\/07\/Platz-9x12.jpg 9w, https:\/\/lejuraacheval.ch\/wp-content\/uploads\/2024\/07\/Platz.jpg 1200w\" sizes=\"auto, (max-width: 768px) 100vw, 768px\" \/><\/figure>\n<\/figure>\n\n\n\n<p>Preis: <br>50.- pro Nacht<br>20.- Reinigungspauschale f\u00fcr Reinigung und Bettw\u00e4sche pro Person<\/p>\n\n\n\n<p>Sowohl f\u00fcr Ausk\u00fcnfte \u00fcber die Verf\u00fcgbarkeit als auch f\u00fcr die Buchung stehen wir Ihnen gerne zur Verf\u00fcgung. <strong><a href=\"https:\/\/lejuraacheval.ch\/fr_ch\/kontakt\/\">Kontaktieren Sie uns hier<\/a>.<\/strong><br><br>F\u00fcr s\u00e4mtliche bei uns bezogenen Angeboten oder Dienstleistungen gelten unsere&nbsp;<a href=\"https:\/\/lejuraacheval.ch\/fr_ch\/?page_id=32\">Allgemeinen Gesch\u00e4ftsbestimmungen<\/a>!<\/p>","protected":false},"excerpt":{"rendered":"<p>Auf unserem Hof in Saint-Brais bieten wir neben unseren Pferde-Erlebnissen auch eine Unterkunft an. Bei uns k\u00f6nnen Sie entweder in einer sch\u00f6nen 2.5 Zimmer Ferienwohnung oder in einem Campingbus schlafen. Auch die M\u00f6glichkeit ein eigenes Zelt aufzubauen ist auf Anfrage<\/p>","protected":false},"author":2,"featured_media":0,"parent":0,"menu_order":0,"comment_status":"closed","ping_status":"closed","template":"","meta":{"footnotes":""},"class_list":["post-143","page","type-page","status-publish","hentry"],"yoast_head":"<!-- This site is optimized with the Yoast SEO plugin v27.4 - https:\/\/yoast.com\/product\/yoast-seo-wordpress\/ -->\n<title>Unterkunft - lejuraacheval.ch<\/title>\n<meta name=\"description\" content=\"Schlafen auf dem Hof? Wir haben eine sch\u00f6ne 2.5 Zimmer Wohnung oder einen Campingbus f\u00fcr Sie bereit! Fragen Sie jetzt an.\" \/>\n<meta name=\"robots\" content=\"index, follow, max-snippet:-1, max-image-preview:large, max-video-preview:-1\" \/>\n<link rel=\"canonical\" href=\"https:\/\/lejuraacheval.ch\/fr_ch\/unterkunft\/\" \/>\n<meta property=\"og:locale\" content=\"fr_FR\" \/>\n<meta property=\"og:type\" content=\"article\" \/>\n<meta property=\"og:title\" content=\"Unterkunft - lejuraacheval.ch\" \/>\n<meta property=\"og:description\" content=\"Schlafen auf dem Hof? Wir haben eine sch\u00f6ne 2.5 Zimmer Wohnung oder einen Campingbus f\u00fcr Sie bereit! Fragen Sie jetzt an.\" \/>\n<meta property=\"og:url\" content=\"https:\/\/lejuraacheval.ch\/fr_ch\/unterkunft\/\" \/>\n<meta property=\"og:site_name\" content=\"lejuraacheval.ch\" \/>\n<meta property=\"article:modified_time\" content=\"2025-04-09T06:01:06+00:00\" \/>\n<meta property=\"og:image\" content=\"https:\/\/lejuraacheval.ch\/wp-content\/uploads\/2024\/07\/Eingang.jpg\" \/>\n\t<meta property=\"og:image:width\" content=\"1600\" \/>\n\t<meta property=\"og:image:height\" content=\"1200\" \/>\n\t<meta property=\"og:image:type\" content=\"image\/jpeg\" \/>\n<meta name=\"twitter:card\" content=\"summary_large_image\" \/>\n<meta name=\"twitter:label1\" content=\"Dur\u00e9e de lecture estim\u00e9e\" \/>\n\t<meta name=\"twitter:data1\" content=\"6 minutes\" \/>\n<script type=\"application\/ld+json\" class=\"yoast-schema-graph\">{\"@context\":\"https:\\\/\\\/schema.org\",\"@graph\":[{\"@type\":\"WebPage\",\"@id\":\"https:\\\/\\\/lejuraacheval.ch\\\/unterkunft\\\/\",\"url\":\"https:\\\/\\\/lejuraacheval.ch\\\/unterkunft\\\/\",\"name\":\"Unterkunft - lejuraacheval.ch\",\"isPartOf\":{\"@id\":\"https:\\\/\\\/lejuraacheval.ch\\\/#website\"},\"primaryImageOfPage\":{\"@id\":\"https:\\\/\\\/lejuraacheval.ch\\\/unterkunft\\\/#primaryimage\"},\"image\":{\"@id\":\"https:\\\/\\\/lejuraacheval.ch\\\/unterkunft\\\/#primaryimage\"},\"thumbnailUrl\":\"https:\\\/\\\/lejuraacheval.ch\\\/wp-content\\\/uploads\\\/2024\\\/07\\\/Eingang-1024x768.jpg\",\"datePublished\":\"2024-07-19T10:30:48+00:00\",\"dateModified\":\"2025-04-09T06:01:06+00:00\",\"description\":\"Schlafen auf dem Hof? Wir haben eine sch\u00f6ne 2.5 Zimmer Wohnung oder einen Campingbus f\u00fcr Sie bereit! Fragen Sie jetzt an.\",\"breadcrumb\":{\"@id\":\"https:\\\/\\\/lejuraacheval.ch\\\/unterkunft\\\/#breadcrumb\"},\"inLanguage\":\"fr-FR\",\"potentialAction\":[{\"@type\":\"ReadAction\",\"target\":[\"https:\\\/\\\/lejuraacheval.ch\\\/unterkunft\\\/\"]}]},{\"@type\":\"ImageObject\",\"inLanguage\":\"fr-FR\",\"@id\":\"https:\\\/\\\/lejuraacheval.ch\\\/unterkunft\\\/#primaryimage\",\"url\":\"https:\\\/\\\/lejuraacheval.ch\\\/wp-content\\\/uploads\\\/2024\\\/07\\\/Eingang-1024x768.jpg\",\"contentUrl\":\"https:\\\/\\\/lejuraacheval.ch\\\/wp-content\\\/uploads\\\/2024\\\/07\\\/Eingang-1024x768.jpg\"},{\"@type\":\"BreadcrumbList\",\"@id\":\"https:\\\/\\\/lejuraacheval.ch\\\/unterkunft\\\/#breadcrumb\",\"itemListElement\":[{\"@type\":\"ListItem\",\"position\":1,\"name\":\"Startseite\",\"item\":\"https:\\\/\\\/lejuraacheval.ch\\\/\"},{\"@type\":\"ListItem\",\"position\":2,\"name\":\"Unterkunft\"}]},{\"@type\":\"WebSite\",\"@id\":\"https:\\\/\\\/lejuraacheval.ch\\\/#website\",\"url\":\"https:\\\/\\\/lejuraacheval.ch\\\/\",\"name\":\"lejuraacheval.ch\",\"description\":\"\",\"potentialAction\":[{\"@type\":\"SearchAction\",\"target\":{\"@type\":\"EntryPoint\",\"urlTemplate\":\"https:\\\/\\\/lejuraacheval.ch\\\/?s={search_term_string}\"},\"query-input\":{\"@type\":\"PropertyValueSpecification\",\"valueRequired\":true,\"valueName\":\"search_term_string\"}}],\"inLanguage\":\"fr-FR\"}]}<\/script>\n<!-- \/ Yoast SEO plugin. -->","yoast_head_json":{"title":"Unterkunft - lejuraacheval.ch","description":"Schlafen auf dem Hof? Wir haben eine sch\u00f6ne 2.5 Zimmer Wohnung oder einen Campingbus f\u00fcr Sie bereit! Fragen Sie jetzt an.","robots":{"index":"index","follow":"follow","max-snippet":"max-snippet:-1","max-image-preview":"max-image-preview:large","max-video-preview":"max-video-preview:-1"},"canonical":"https:\/\/lejuraacheval.ch\/fr_ch\/unterkunft\/","og_locale":"fr_FR","og_type":"article","og_title":"Unterkunft - lejuraacheval.ch","og_description":"Schlafen auf dem Hof? Wir haben eine sch\u00f6ne 2.5 Zimmer Wohnung oder einen Campingbus f\u00fcr Sie bereit! Fragen Sie jetzt an.","og_url":"https:\/\/lejuraacheval.ch\/fr_ch\/unterkunft\/","og_site_name":"lejuraacheval.ch","article_modified_time":"2025-04-09T06:01:06+00:00","og_image":[{"width":1600,"height":1200,"url":"https:\/\/lejuraacheval.ch\/wp-content\/uploads\/2024\/07\/Eingang.jpg","type":"image\/jpeg"}],"twitter_card":"summary_large_image","twitter_misc":{"Dur\u00e9e de lecture estim\u00e9e":"6 minutes"},"schema":{"@context":"https:\/\/schema.org","@graph":[{"@type":"WebPage","@id":"https:\/\/lejuraacheval.ch\/unterkunft\/","url":"https:\/\/lejuraacheval.ch\/unterkunft\/","name":"Unterkunft - lejuraacheval.ch","isPartOf":{"@id":"https:\/\/lejuraacheval.ch\/#website"},"primaryImageOfPage":{"@id":"https:\/\/lejuraacheval.ch\/unterkunft\/#primaryimage"},"image":{"@id":"https:\/\/lejuraacheval.ch\/unterkunft\/#primaryimage"},"thumbnailUrl":"https:\/\/lejuraacheval.ch\/wp-content\/uploads\/2024\/07\/Eingang-1024x768.jpg","datePublished":"2024-07-19T10:30:48+00:00","dateModified":"2025-04-09T06:01:06+00:00","description":"Schlafen auf dem Hof? Wir haben eine sch\u00f6ne 2.5 Zimmer Wohnung oder einen Campingbus f\u00fcr Sie bereit! Fragen Sie jetzt an.","breadcrumb":{"@id":"https:\/\/lejuraacheval.ch\/unterkunft\/#breadcrumb"},"inLanguage":"fr-FR","potentialAction":[{"@type":"ReadAction","target":["https:\/\/lejuraacheval.ch\/unterkunft\/"]}]},{"@type":"ImageObject","inLanguage":"fr-FR","@id":"https:\/\/lejuraacheval.ch\/unterkunft\/#primaryimage","url":"https:\/\/lejuraacheval.ch\/wp-content\/uploads\/2024\/07\/Eingang-1024x768.jpg","contentUrl":"https:\/\/lejuraacheval.ch\/wp-content\/uploads\/2024\/07\/Eingang-1024x768.jpg"},{"@type":"BreadcrumbList","@id":"https:\/\/lejuraacheval.ch\/unterkunft\/#breadcrumb","itemListElement":[{"@type":"ListItem","position":1,"name":"Startseite","item":"https:\/\/lejuraacheval.ch\/"},{"@type":"ListItem","position":2,"name":"Unterkunft"}]},{"@type":"WebSite","@id":"https:\/\/lejuraacheval.ch\/#website","url":"https:\/\/lejuraacheval.ch\/","name":"lejuraacheval.ch","description":"","potentialAction":[{"@type":"SearchAction","target":{"@type":"EntryPoint","urlTemplate":"https:\/\/lejuraacheval.ch\/?s={search_term_string}"},"query-input":{"@type":"PropertyValueSpecification","valueRequired":true,"valueName":"search_term_string"}}],"inLanguage":"fr-FR"}]}},"jetpack_sharing_enabled":true,"_links":{"self":[{"href":"https:\/\/lejuraacheval.ch\/fr_ch\/wp-json\/wp\/v2\/pages\/143","targetHints":{"allow":["GET"]}}],"collection":[{"href":"https:\/\/lejuraacheval.ch\/fr_ch\/wp-json\/wp\/v2\/pages"}],"about":[{"href":"https:\/\/lejuraacheval.ch\/fr_ch\/wp-json\/wp\/v2\/types\/page"}],"author":[{"embeddable":true,"href":"https:\/\/lejuraacheval.ch\/fr_ch\/wp-json\/wp\/v2\/users\/2"}],"replies":[{"embeddable":true,"href":"https:\/\/lejuraacheval.ch\/fr_ch\/wp-json\/wp\/v2\/comments?post=143"}],"version-history":[{"count":13,"href":"https:\/\/lejuraacheval.ch\/fr_ch\/wp-json\/wp\/v2\/pages\/143\/revisions"}],"predecessor-version":[{"id":223,"href":"https:\/\/lejuraacheval.ch\/fr_ch\/wp-json\/wp\/v2\/pages\/143\/revisions\/223"}],"wp:attachment":[{"href":"https:\/\/lejuraacheval.ch\/fr_ch\/wp-json\/wp\/v2\/media?parent=143"}],"curies":[{"name":"wp","href":"https:\/\/api.w.org\/{rel}","templated":true}]}}